{"id":15,"date":"2025-12-28T04:58:37","date_gmt":"2025-12-28T04:58:37","guid":{"rendered":"https:\/\/myrtoskitchen.previewmysite.online\/?page_id=15"},"modified":"2026-01-08T12:15:27","modified_gmt":"2026-01-08T11:15:27","slug":"sobre-mi","status":"publish","type":"page","link":"https:\/\/myrtoskitchen.previewmysite.online\/index.php\/sobre-mi\/","title":{"rendered":"Sobre mi"},"content":{"rendered":"\t\t<div data-elementor-type=\"wp-page\" data-elementor-id=\"15\" class=\"elementor elementor-15\" data-elementor-post-type=\"page\">\n\t\t\t\t<div class=\"elementor-element elementor-element-5f739a41 e-flex e-con-boxed e-con e-parent\" data-id=\"5f739a41\" data-element_type=\"container\" data-e-type=\"container\" data-settings=\"{&quot;background_background&quot;:&quot;classic&quot;,&quot;jet_parallax_layout_list&quot;:[]}\">\n\t\t\t\t\t<div class=\"e-con-inner\">\n\t\t<div class=\"elementor-element elementor-element-2d16eb62 e-con-full e-flex e-con e-child\" data-id=\"2d16eb62\" data-element_type=\"container\" data-e-type=\"container\" data-settings=\"{&quot;jet_parallax_layout_list&quot;:[]}\">\n\t\t\t\t<div class=\"elementor-element elementor-element-484e60dc elementor-invisible elementor-widget elementor-widget-heading\" data-id=\"484e60dc\" data-element_type=\"widget\" data-e-type=\"widget\" data-settings=\"{&quot;_animation&quot;:&quot;fadeInLeft&quot;}\" data-widget_type=\"heading.default\">\n\t\t\t\t\t<h1 class=\"elementor-heading-title elementor-size-default\">Sobre mi<\/h1>\t\t\t\t<\/div>\n\t\t<div class=\"elementor-element elementor-element-ac812b8 e-con-full e-flex elementor-invisible e-con e-child\" data-id=\"ac812b8\" data-element_type=\"container\" data-e-type=\"container\" data-settings=\"{&quot;animation&quot;:&quot;fadeInRight&quot;,&quot;jet_parallax_layout_list&quot;:[]}\">\n\t\t\t\t<div class=\"elementor-element elementor-element-14f628c7 elementor-icon-list-ico-position-10 elementor-icon-list--layout-traditional elementor-list-item-link-full_width elementor-widget elementor-widget-icon-list\" data-id=\"14f628c7\" data-element_type=\"widget\" data-e-type=\"widget\" data-widget_type=\"icon-list.default\">\n\t\t\t\t\t\t\t<ul class=\"elementor-icon-list-items\">\n\t\t\t\t\t\t\t<li class=\"elementor-icon-list-item\">\n\t\t\t\t\t\t\t\t\t\t\t<a href=\"https:\/\/myrtoskitchen.previewmysite.online\/\">\n\n\t\t\t\t\t\t\t\t\t\t\t\t<span class=\"elementor-icon-list-icon\">\n\t\t\t\t\t\t\t<svg aria-hidden=\"true\" class=\"e-font-icon-svg e-fas-chevron-right\" viewBox=\"0 0 320 512\" xmlns=\"http:\/\/www.w3.org\/2000\/svg\"><path d=\"M285.476 272.971L91.132 467.314c-9.373 9.373-24.569 9.373-33.941 0l-22.667-22.667c-9.357-9.357-9.375-24.522-.04-33.901L188.505 256 34.484 101.255c-9.335-9.379-9.317-24.544.04-33.901l22.667-22.667c9.373-9.373 24.569-9.373 33.941 0L285.475 239.03c9.373 9.372 9.373 24.568.001 33.941z\"><\/path><\/svg>\t\t\t\t\t\t<\/span>\n\t\t\t\t\t\t\t\t\t\t<span class=\"elementor-icon-list-text\">Inici<\/span>\n\t\t\t\t\t\t\t\t\t\t\t<\/a>\n\t\t\t\t\t\t\t\t\t<\/li>\n\t\t\t\t\t\t<\/ul>\n\t\t\t\t\t\t<\/div>\n\t\t\t\t<div class=\"elementor-element elementor-element-2cca3362 elementor-widget elementor-widget-gum_heading\" data-id=\"2cca3362\" data-element_type=\"widget\" data-e-type=\"widget\" data-widget_type=\"gum_heading.default\">\n\t\t\t\t<div class=\"elementor-widget-container\">\n\t\t\t\t\t<div class=\"gum-widget-title\"><div class=\"section-main-title size-default\">Sobre mi<\/div><\/div>\t\t\t\t<\/div>\n\t\t\t\t<\/div>\n\t\t\t\t<\/div>\n\t\t\t\t<\/div>\n\t\t\t\t\t<\/div>\n\t\t\t\t<\/div>\n\t\t<div class=\"elementor-element elementor-element-6cf63d0 e-flex e-con-boxed e-con e-parent\" data-id=\"6cf63d0\" data-element_type=\"container\" data-e-type=\"container\" data-settings=\"{&quot;jet_parallax_layout_list&quot;:[]}\">\n\t\t\t\t\t<div class=\"e-con-inner\">\n\t\t<div class=\"elementor-element elementor-element-d2f4c09 e-con-full e-flex e-con e-child\" data-id=\"d2f4c09\" data-element_type=\"container\" data-e-type=\"container\" data-settings=\"{&quot;jet_parallax_layout_list&quot;:[],&quot;background_background&quot;:&quot;classic&quot;}\">\n\t\t\t\t<\/div>\n\t\t<div class=\"elementor-element elementor-element-8dc7dcb e-con-full e-flex e-con e-child\" data-id=\"8dc7dcb\" data-element_type=\"container\" data-e-type=\"container\" data-settings=\"{&quot;jet_parallax_layout_list&quot;:[]}\">\n\t\t\t\t<div class=\"elementor-element elementor-element-4da5fb6 elementor-invisible elementor-widget elementor-widget-heading\" data-id=\"4da5fb6\" data-element_type=\"widget\" data-e-type=\"widget\" data-settings=\"{&quot;_animation&quot;:&quot;fadeInRight&quot;}\" data-widget_type=\"heading.default\">\n\t\t\t\t\t<h2 class=\"elementor-heading-title elementor-size-default\">Qui s\u00f3c<\/h2>\t\t\t\t<\/div>\n\t\t\t\t<div class=\"elementor-element elementor-element-17ecf9a elementor-invisible elementor-widget elementor-widget-heading\" data-id=\"17ecf9a\" data-element_type=\"widget\" data-e-type=\"widget\" data-settings=\"{&quot;_animation&quot;:&quot;fadeInUp&quot;}\" data-widget_type=\"heading.default\">\n\t\t\t\t\t<h3 class=\"elementor-heading-title elementor-size-default\">Cuinar forma part de la meva vida<\/h3>\t\t\t\t<\/div>\n\t\t\t\t<div class=\"elementor-element elementor-element-82a549b elementor-widget elementor-widget-text-editor\" data-id=\"82a549b\" data-element_type=\"widget\" data-e-type=\"widget\" data-widget_type=\"text-editor.default\">\n\t\t\t\t\t\t\t\t\t<p>S\u00f3c la Myrt\u00f3 Kall\u00e9 (amb accent a la \u201co\u201d i a la \u201ce\u201d). S\u00f3c de Gr\u00e8cia, per\u00f2 fa deu anys que visc a Catalunya. Vaig venir per amor i vaig comen\u00e7ar la meva aventura catalana a Barcelona, per\u00f2 des del 2019 visc en un petit poble d\u2019Osona, un lloc tranquil i molt bonic que sempre m\u2019ha recordat al meu poble a Gr\u00e8cia.<\/p><p>Treballo en el m\u00f3n del m\u00e0rqueting, per\u00f2 la meva gran passi\u00f3 \u00e9s \u2014i sempre ha estat\u2014 la cuina. M\u2019encanta perqu\u00e8 \u00e9s una manera honesta i directa de connectar amb la gent. Cuino per a la fam\u00edlia, per als amics i, \u00faltimament, tamb\u00e9 per a vosaltres als tallers de cuina que imparteixo, on compartim receptes, hist\u00f2ries i moltes rialles.<\/p><p>La meva cuina \u00e9s fresca, senzilla i vers\u00e0til: receptes f\u00e0cils, amb ingredients reals, sense t\u00e8cniques complicades ni estris especials. Crec que tots, fins i tot amb poc temps, podem cuinar plats deliciosos i saludables.<\/p><p>El 2020 va ser un any clau: mentre estudiava Health Coaching, vaig comen\u00e7ar a compartir receptes a les xarxes. A poc a poc, el projecte va cr\u00e9ixer i vaig descobrir que, m\u00e9s enll\u00e0 del menjar, el que realment connectava amb la gent eren les hist\u00f2ries que hi havia darrere de cada plat.<\/p><p>A trav\u00e9s dels meus llibres, tallers i receptes, m\u2019agrada inspirar la gent a cuinar a casa, sense presses ni perfeccionismes, simplement amb ganes de cuidar-se i gaudir del que comparteixen a taula.<\/p>\t\t\t\t\t\t\t\t<\/div>\n\t\t\t\t<div class=\"elementor-element elementor-element-2ea4c4b elementor-widget elementor-widget-button\" data-id=\"2ea4c4b\" data-element_type=\"widget\" data-e-type=\"widget\" data-widget_type=\"button.default\">\n\t\t\t\t\t\t\t\t\t\t<a class=\"elementor-button elementor-button-link elementor-size-sm\" href=\"#books\">\n\t\t\t\t\t\t<span class=\"elementor-button-content-wrapper\">\n\t\t\t\t\t\t\t\t\t<span class=\"elementor-button-text\">Els meus llibres<\/span>\n\t\t\t\t\t<\/span>\n\t\t\t\t\t<\/a>\n\t\t\t\t\t\t\t\t<\/div>\n\t\t\t\t<\/div>\n\t\t\t\t\t<\/div>\n\t\t\t\t<\/div>\n\t\t<div class=\"elementor-element elementor-element-c9903f5 e-con-full e-flex e-con e-parent\" data-id=\"c9903f5\" data-element_type=\"container\" data-e-type=\"container\" id=\"books\" data-settings=\"{&quot;jet_parallax_layout_list&quot;:[]}\">\n\t\t<div class=\"elementor-element elementor-element-4180b84 e-con-full e-flex elementor-invisible e-con e-child\" data-id=\"4180b84\" data-element_type=\"container\" data-e-type=\"container\" data-settings=\"{&quot;background_background&quot;:&quot;classic&quot;,&quot;animation&quot;:&quot;fadeInLeft&quot;,&quot;jet_parallax_layout_list&quot;:[]}\">\n\t\t<div class=\"elementor-element elementor-element-007f571 e-con-full e-flex e-con e-child\" data-id=\"007f571\" data-element_type=\"container\" data-e-type=\"container\" data-settings=\"{&quot;jet_parallax_layout_list&quot;:[]}\">\n\t\t\t\t<div class=\"elementor-element elementor-element-5de2fa3 elementor-widget elementor-widget-elementskit-heading\" data-id=\"5de2fa3\" data-element_type=\"widget\" data-e-type=\"widget\" data-widget_type=\"elementskit-heading.default\">\n\t\t\t\t\t<div class=\"ekit-wid-con\" ><div class=\"ekit-heading elementskit-section-title-wraper text_left   ekit_heading_tablet-   ekit_heading_mobile-\"><h2 class=\"ekit-heading--title elementskit-section-title \">Els meus llibres<\/h2>\t\t\t\t<div class='ekit-heading__description'>\n\t\t\t\t\t<div class=\"Z_l5lU ku3DBC zQ9jDz qvSjx3 Vq6kJx comp-k9mlzwzu wixui-rich-text\">\n<h4>Sopars a la fresca (2023), Rosa dels vents<\/h4>\n<\/div>\n<div class=\"Z_l5lU ku3DBC zQ9jDz qvSjx3 Vq6kJx comp-mjh8o4c3 wixui-rich-text\">\n<p>Un recull de m\u00e9s de 50 receptes d\u2019estiu, fresques i de temporada, pensades per compartir a l\u2019aire lliure i acompanyades d\u2019an\u00e8cdotes i records personals. El trobar\u00e0s a la teva llibreria preferida.<\/p>\n<\/div>\n<div class=\"Z_l5lU ku3DBC zQ9jDz qvSjx3 Vq6kJx comp-mjh8moi8 wixui-rich-text\">\n<h4>Receptes i jocs per cuinar en fam\u00edlia (2025)<\/h4>\n<\/div>\n<div class=\"Z_l5lU ku3DBC zQ9jDz qvSjx3 Vq6kJx comp-kaccddpw wixui-rich-text\">\n<p>Una proposta pensada perqu\u00e8 petits i grans puguin gaudir del proc\u00e9s de cuinar junts. Com a mare de tres criatures, s\u00e9 que cuinar en fam\u00edlia no \u00e9s nom\u00e9s preparar menjar, sin\u00f3 una manera de connectar, aprendre i crear records que perduren. Tamb\u00e9 disponible a la teva llibreria habitual.<\/p><\/div>\n\t\t\t\t<\/div>\n\t\t\t<div class=\"ekit_heading_separetor_wraper ekit_heading_elementskit-border-divider ekit-dotted\"><div class=\"elementskit-border-divider ekit-dotted\"><\/div><\/div><\/div><\/div>\t\t\t\t<\/div>\n\t\t\t\t<\/div>\n\t\t\t\t<\/div>\n\t\t<div class=\"elementor-element elementor-element-0c9b417 e-con-full e-flex elementor-invisible e-con e-child\" data-id=\"0c9b417\" data-element_type=\"container\" data-e-type=\"container\" data-settings=\"{&quot;background_background&quot;:&quot;classic&quot;,&quot;animation&quot;:&quot;fadeInRight&quot;,&quot;jet_parallax_layout_list&quot;:[]}\">\n\t\t<div class=\"elementor-element elementor-element-f69aec2 e-con-full e-flex e-con e-child\" data-id=\"f69aec2\" data-element_type=\"container\" data-e-type=\"container\" data-settings=\"{&quot;jet_parallax_layout_list&quot;:[]}\">\n\t\t\t\t<div class=\"elementor-element elementor-element-647d1e4 elementor-widget elementor-widget-heading\" data-id=\"647d1e4\" data-element_type=\"widget\" data-e-type=\"widget\" data-widget_type=\"heading.default\">\n\t\t\t\t\t<h3 class=\"elementor-heading-title elementor-size-default\">Uneix-te a la meva cuina<\/h3>\t\t\t\t<\/div>\n\t\t\t\t<div class=\"elementor-element elementor-element-1ceb2ad elementor-widget elementor-widget-text-editor\" data-id=\"1ceb2ad\" data-element_type=\"widget\" data-e-type=\"widget\" data-widget_type=\"text-editor.default\">\n\t\t\t\t\t\t\t\t\t<p>En inscriure\u2019t, acceptes que les teves dades seran tractades per Myrto Kalle amb la finalitat d\u2019enviar-te el butllet\u00ed informatiu. Pots donar-te de baixa en qualsevol moment. M\u00e9s informaci\u00f3 a la nostra\u00a0<a href=\"https:\/\/myrtoskitchen.previewmysite.online\/index.php\/politica-de-privacitat\/\">Pol\u00edtica de Privacitat.<\/a><\/p>\t\t\t\t\t\t\t\t<\/div>\n\t\t\t\t<\/div>\n\t\t\t\t<\/div>\n\t\t\t\t<\/div>\n\t\t\t\t<\/div>\n\t\t","protected":false},"excerpt":{"rendered":"<p>Sobre mi Inici Sobre mi Qui s\u00f3c Cuinar forma part de la meva vida S\u00f3c la Myrt\u00f3 Kall\u00e9 (amb accent a la \u201co\u201d i a la \u201ce\u201d). S\u00f3c de Gr\u00e8cia, per\u00f2 fa deu anys que visc a Catalunya. Vaig venir per amor i vaig comen\u00e7ar la meva aventura catalana a Barcelona, per\u00f2 des del 2019 [&hellip;]<\/p>\n","protected":false},"author":1,"featured_media":0,"parent":0,"menu_order":0,"comment_status":"closed","ping_status":"closed","template":"elementor_header_footer","meta":{"footnotes":""},"class_list":["post-15","page","type-page","status-publish","hentry"],"_links":{"self":[{"href":"https:\/\/myrtoskitchen.previewmysite.online\/index.php\/wp-json\/wp\/v2\/pages\/15","targetHints":{"allow":["GET"]}}],"collection":[{"href":"https:\/\/myrtoskitchen.previewmysite.online\/index.php\/wp-json\/wp\/v2\/pages"}],"about":[{"href":"https:\/\/myrtoskitchen.previewmysite.online\/index.php\/wp-json\/wp\/v2\/types\/page"}],"author":[{"embeddable":true,"href":"https:\/\/myrtoskitchen.previewmysite.online\/index.php\/wp-json\/wp\/v2\/users\/1"}],"replies":[{"embeddable":true,"href":"https:\/\/myrtoskitchen.previewmysite.online\/index.php\/wp-json\/wp\/v2\/comments?post=15"}],"version-history":[{"count":0,"href":"https:\/\/myrtoskitchen.previewmysite.online\/index.php\/wp-json\/wp\/v2\/pages\/15\/revisions"}],"wp:attachment":[{"href":"https:\/\/myrtoskitchen.previewmysite.online\/index.php\/wp-json\/wp\/v2\/media?parent=15"}],"curies":[{"name":"wp","href":"https:\/\/api.w.org\/{rel}","templated":true}]}}